{"id":24,"date":"2020-01-01T15:19:00","date_gmt":"2020-01-01T14:19:00","guid":{"rendered":"http:\/\/gite-villa-gaia.com\/?page_id=24"},"modified":"2025-12-02T19:26:22","modified_gmt":"2025-12-02T18:26:22","slug":"tarifs","status":"publish","type":"page","link":"https:\/\/gite-villa-gaia.com\/index.php\/tarifs\/","title":{"rendered":"Tarifs 2025\/2026"},"content":{"rendered":"\n<h2 class=\"wp-block-heading\" style=\"font-size:17px\"><span style=\"font-family: Times New Roman, serif;\"><span style=\"font-size: large;\"><b>S\u00e9jours :<\/b><\/span><\/span><\/h2>\n\n\n\n<ul class=\"wp-block-list\">\n<li><a name=\"_GoBack\"><\/a><span style=\"font-family: Times New Roman, serif;\"><span style=\"font-size: large;\">S\u00e9jour 2 nuits : <b>200 \u20ac<\/b> (basse saison uniquement)<\/span><\/span><\/li>\n<\/ul>\n\n\n\n<ul class=\"wp-block-list\">\n<li><a name=\"_GoBack\"><\/a><span style=\"font-family: Times New Roman, serif;\"><span style=\"font-size: large;\">S\u00e9jour 3 nuits : <b>300 \u20ac <\/b> (basse saison uniquement)<\/span><\/span><\/li>\n<\/ul>\n\n\n\n<ul class=\"wp-block-list\">\n<li><span style=\"font-family: Times New Roman, serif;\"><span style=\"font-size: large;\">S\u00e9jour 4 nuits&nbsp;<b>: 400 \u20ac<\/b> (basse saison uniquement)<\/span><\/span><\/li>\n<\/ul>\n\n\n\n<ul class=\"wp-block-list\">\n<li><span style=\"font-family: Times New Roman, serif;\"><span style=\"font-size: large;\">S\u00e9jour 5 nuits&nbsp;<b>: 500 \u20ac<\/b> (basse saison uniquement)<\/span><\/span><\/li>\n<\/ul>\n\n\n\n<ul class=\"wp-block-list\">\n<li><span style=\"font-family: Times New Roman, serif;\"><span style=\"font-size: large;\">S\u00e9jour 6 nuits&nbsp;: <b>600 \u20ac<\/b> (basse saison uniquement)<\/span><\/span><\/li>\n<\/ul>\n\n\n\n<p class=\"has-medium-font-size\"><strong>S<span style=\"font-family: Times New Roman, serif;\"><span style=\"font-size: large;\">emaine basse saison<\/span><\/span><\/strong><span style=\"font-family: Times New Roman, serif;\"><span style=\"font-size: large;\"> : prix public <b>: 700 \u20ac<\/b><\/span><\/span><em> <\/em><\/p>\n\n\n\n<p class=\"has-medium-font-size\"><em> (du 01\/10\/25 au 19\/12\/25)<\/em><\/p>\n\n\n\n<p class=\"has-medium-font-size\"><em>(du 05\/01\/26 au 24\/04\/26 et du 03\/10\/26 au 18\/12\/26)<\/em><\/p>\n\n\n\n<p style=\"font-size:15px\"><\/p>\n\n\n\n<p style=\"font-size:15px\"><span style=\"font-family: Times New Roman, serif;\"><span style=\"font-size: large;\"><strong>Semaine moyenne saison<\/strong>&nbsp;: prix public&nbsp;: <b>770 \u20ac<\/b><\/span><\/span><em> <\/em><\/p>\n\n\n\n<p class=\"has-medium-font-size\"><em> (du 20\/12\/25 au 04\/01\/26)<\/em><\/p>\n\n\n\n<p class=\"has-medium-font-size\"><em>(du 25\/04\/26 au 26\/06\/26, du 05\/09\/26 au 02\/10\/26 et du 19\/12\/26 au 01\/01\/27)<\/em><\/p>\n\n\n\n<p style=\"font-size:33px\"><span style=\"font-family: Times New Roman, serif;\"><span style=\"font-size: large;\"><strong>Semaine haute saison<\/strong>&nbsp;: prix public&nbsp;: <b>910 \u20ac<\/b><\/span><\/span><em> <\/em><\/p>\n\n\n\n<p class=\"has-medium-font-size\"><em> (du 27\/06\/26 au 03\/07\/26 et du 29\/08\/26 au 04\/09\/26)<\/em><\/p>\n\n\n\n<p><\/p>\n\n\n\n<p><span style=\"font-family: Times New Roman, serif;\"><span style=\"font-size: large;\"><strong>Semaine tr\u00e8s haute saison<\/strong>&nbsp;: prix public&nbsp;: <b>1120 \u20ac<\/b><\/span><\/span> <\/p>\n\n\n\n<p class=\"has-medium-font-size\"><em>(du 04\/07\/26 au 28\/08\/26)<\/em><\/p>\n\n\n\n<p><\/p>\n\n\n\n<p class=\"has-white-color has-text-color\">.<\/p>\n\n\n\n<h2 class=\"wp-block-heading\" style=\"font-size:17px\"><span style=\"font-family: Times New Roman, serif;\"><span style=\"font-size: large;\"><b>Suppl\u00e9ments obligatoires&nbsp;:<\/b><\/span><\/span><\/h2>\n\n\n\n<p><span style=\"font-family: Times New Roman, serif;\"><span style=\"font-size: large;\">Taxe de s\u00e9jour : 1,58 \u20ac par nuit et par personne majeure<\/span><\/span><\/p>\n\n\n\n<p>Consommation \u00e9lectrique : forfait d\u00e9duit de 8kwh\/nuit au-del\u00e0 facturation au tarif de 0,25 \u20ac\/kwh<\/p>\n\n\n\n<ul class=\"wp-block-list\">\n<li><span style=\"font-family: Times New Roman, serif;\"><span style=\"font-size: large;\">Suppl\u00e9ments en option&nbsp;<\/span><\/span>: (a r\u00e9gler le jour de l&rsquo;arriv\u00e9e si retenus)<\/li>\n<\/ul>\n\n\n\n<p><span style=\"font-family: Times New Roman, serif;\"><span style=\"font-size: large;\">Location de draps : 10 \u20ac par parure lits doubles \/ 8 \u20ac par parure lits simples<\/span><\/span><\/p>\n\n\n\n<p><span style=\"font-family: Times New Roman, serif;\"><span style=\"font-size: large;\"> kits serviettes : 5 \u20ac par personne<\/span><\/span><\/p>\n\n\n\n<p><span style=\"font-family: Times New Roman, serif;\"><span style=\"font-size: large;\">Forfait m\u00e9nage fin de s\u00e9jour&nbsp;: 80 \u20ac<\/span><\/span><\/p>\n\n\n\n<ul class=\"wp-block-list\">\n<li><span style=\"font-family: Times New Roman, serif;\"><span style=\"font-size: large;\">Une <\/span><\/span><span style=\"font-family: Times New Roman, serif;\"><span style=\"font-size: large;\"><b>caution de 450 \u20ac <\/b><\/span><\/span><span style=\"font-family: Times New Roman, serif;\"><span style=\"font-size: large;\">vous sera obligatoirement demand\u00e9e \u00e0 votre arriv\u00e9e et vous sera restitu\u00e9e dans les 10 jours suivants le d\u00e9part si aucune d\u00e9gradation n\u2019est constat\u00e9e.<\/span><\/span><\/li>\n<\/ul>\n\n\n\n<p><span style=\"font-family: Times New Roman, serif;\"><span style=\"font-size: large;\">Nous acceptons divers modes de paiement : virement, esp\u00e8ces, ch\u00e8ques, ch\u00e8ques vacances, e-ch\u00e8ques vacances.<br><\/span><\/span><\/p>\n\n\n\n<figure class=\"wp-block-image\"><img loading=\"lazy\" decoding=\"async\" width=\"300\" height=\"204\" src=\"https:\/\/gite-villa-gaia.com\/wp-content\/uploads\/2018\/04\/cheques-vacances-ancv-acceptes-300x204.png\" alt=\"\" class=\"wp-image-263\" srcset=\"https:\/\/gite-villa-gaia.com\/wp-content\/uploads\/2018\/04\/cheques-vacances-ancv-acceptes-300x204.png 300w, https:\/\/gite-villa-gaia.com\/wp-content\/uploads\/2018\/04\/cheques-vacances-ancv-acceptes-230x157.png 230w, https:\/\/gite-villa-gaia.com\/wp-content\/uploads\/2018\/04\/cheques-vacances-ancv-acceptes-350x238.png 350w, https:\/\/gite-villa-gaia.com\/wp-content\/uploads\/2018\/04\/cheques-vacances-ancv-acceptes-480x327.png 480w, https:\/\/gite-villa-gaia.com\/wp-content\/uploads\/2018\/04\/cheques-vacances-ancv-acceptes.png 662w\" sizes=\"auto, (max-width: 300px) 100vw, 300px\" \/><\/figure>\n\n\n\n<figure class=\"wp-block-image\"><img loading=\"lazy\" decoding=\"async\" width=\"300\" height=\"90\" src=\"https:\/\/gite-villa-gaia.com\/wp-content\/uploads\/2021\/02\/cv-connect-300x90.png\" alt=\"\" class=\"wp-image-595\" srcset=\"https:\/\/gite-villa-gaia.com\/wp-content\/uploads\/2021\/02\/cv-connect-300x90.png 300w, https:\/\/gite-villa-gaia.com\/wp-content\/uploads\/2021\/02\/cv-connect-230x69.png 230w, https:\/\/gite-villa-gaia.com\/wp-content\/uploads\/2021\/02\/cv-connect-350x105.png 350w, https:\/\/gite-villa-gaia.com\/wp-content\/uploads\/2021\/02\/cv-connect.png 405w\" sizes=\"auto, (max-width: 300px) 100vw, 300px\" \/><\/figure>\n\n\n\n<p><span style=\"margin: 0px; color: #333333; font-family: 'Georgia',serif;\">Pour plus de tranquillit\u00e9, nous vous invitons \u00e0 souscrire une <a href=\"https:\/\/www.albinet.fr\/fr\/adar-assurance-annulation-sejour-15000-clevacances\" target=\"_blank\" rel=\"noopener noreferrer\">assurance annulation.<\/a><\/span><\/p>\n\n\n\n<p><span style=\"margin: 0px; color: #333333; font-family: 'Georgia',serif;\"><a href=\"https:\/\/gite-villa-gaia.com\/index.php\/disponibilites\/\">VOIR LES DISPONIBILITES<\/a><\/span><\/p>\n\n\n\n<p><span style=\"color: #000000; font-family: Calibri;\">&nbsp;<\/span><\/p>\n","protected":false},"excerpt":{"rendered":"<p>S\u00e9jours : Semaine basse saison : prix public : 700 \u20ac (du 01\/10\/25 au 19\/12\/25) (du 05\/01\/26 au 24\/04\/26 et du 03\/10\/26 au 18\/12\/26) Semaine moyenne saison&nbsp;: prix public&nbsp;: 770 \u20ac (du 20\/12\/25 au 04\/01\/26) (du 25\/04\/26 au 26\/06\/26, du 05\/09\/26 au 02\/10\/26 et du 19\/12\/26 au 01\/01\/27) Semaine haute saison&nbsp;: prix public&nbsp;: 910 \u20ac [&hellip;]<\/p>\n","protected":false},"author":1,"featured_media":0,"parent":0,"menu_order":0,"comment_status":"closed","ping_status":"closed","template":"","meta":{"ngg_post_thumbnail":0,"footnotes":""},"class_list":["post-24","page","type-page","status-publish","hentry"],"_links":{"self":[{"href":"https:\/\/gite-villa-gaia.com\/index.php\/wp-json\/wp\/v2\/pages\/24","targetHints":{"allow":["GET"]}}],"collection":[{"href":"https:\/\/gite-villa-gaia.com\/index.php\/wp-json\/wp\/v2\/pages"}],"about":[{"href":"https:\/\/gite-villa-gaia.com\/index.php\/wp-json\/wp\/v2\/types\/page"}],"author":[{"embeddable":true,"href":"https:\/\/gite-villa-gaia.com\/index.php\/wp-json\/wp\/v2\/users\/1"}],"replies":[{"embeddable":true,"href":"https:\/\/gite-villa-gaia.com\/index.php\/wp-json\/wp\/v2\/comments?post=24"}],"version-history":[{"count":63,"href":"https:\/\/gite-villa-gaia.com\/index.php\/wp-json\/wp\/v2\/pages\/24\/revisions"}],"predecessor-version":[{"id":892,"href":"https:\/\/gite-villa-gaia.com\/index.php\/wp-json\/wp\/v2\/pages\/24\/revisions\/892"}],"wp:attachment":[{"href":"https:\/\/gite-villa-gaia.com\/index.php\/wp-json\/wp\/v2\/media?parent=24"}],"curies":[{"name":"wp","href":"https:\/\/api.w.org\/{rel}","templated":true}]}}